{"id":38,"date":"2022-07-23T12:57:05","date_gmt":"2022-07-23T17:57:05","guid":{"rendered":"https:\/\/colegiofaraday.edu.pe\/?page_id=38"},"modified":"2026-01-14T11:16:41","modified_gmt":"2026-01-14T16:16:41","slug":"inicio","status":"publish","type":"page","link":"https:\/\/colegiofaraday.edu.pe\/","title":{"rendered":"INICIO"},"content":{"rendered":"\t\t<div data-elementor-type=\"wp-page\" data-elementor-id=\"38\" class=\"elementor elementor-38\">\n\t\t\t\t\t\t<section class=\"elementor-section elementor-top-section elementor-element elementor-element-b5f9309 elementor-section-boxed elementor-section-height-default elementor-section-height-default\" data-id=\"b5f9309\" data-element_type=\"section\" data-e-type=\"section\">\n\t\t\t\t\t\t<div class=\"elementor-container elementor-column-gap-default\">\n\t\t\t\t\t<div class=\"elementor-column elementor-col-50 elementor-top-column elementor-element elementor-element-dfd83c6\" data-id=\"dfd83c6\" data-element_type=\"column\" data-e-type=\"column\">\n\t\t\t<div class=\"elementor-widget-wrap elementor-element-populated\">\n\t\t\t\t\t\t<div class=\"elementor-element elementor-element-e768891 elementor-widget elementor-widget-heading\" data-id=\"e768891\" data-element_type=\"widget\" data-e-type=\"widget\" data-widget_type=\"heading.default\">\n\t\t\t\t<div class=\"elementor-widget-container\">\n\t\t\t\t\t<h2 class=\"elementor-heading-title elementor-size-default\">Misi\u00f3n<\/h2>\t\t\t\t<\/div>\n\t\t\t\t<\/div>\n\t\t\t\t<div class=\"elementor-element elementor-element-ccd04ff elementor-widget elementor-widget-text-editor\" data-id=\"ccd04ff\" data-element_type=\"widget\" data-e-type=\"widget\" data-widget_type=\"text-editor.default\">\n\t\t\t\t<div class=\"elementor-widget-container\">\n\t\t\t\t\t\t\t\t\t<p>El prop\u00f3sito del Proyecto Educativo \u00abFaraday\u00bb es:<\/p><p>Formar personas l\u00edderes teniendo en cuenta la pr\u00e1ctica de h\u00e1bitos y valores estimulando la autoestima y desarrollando sus capacidades para que sean agentes de cambio.<\/p><p>Construir una nueva escuela, acogedora, participativa, democr\u00e1tica, ayud\u00e1ndonos de los avances tecnol\u00f3gicos y cient\u00edficos, promoviendo calidad con equidad, propiciando una comunicaci\u00f3n que fomente la confianza e impulsando el deseo de trascender.<\/p>\t\t\t\t\t\t\t\t<\/div>\n\t\t\t\t<\/div>\n\t\t\t\t\t<\/div>\n\t\t<\/div>\n\t\t\t\t<div class=\"elementor-column elementor-col-50 elementor-top-column elementor-element elementor-element-e888e50\" data-id=\"e888e50\" data-element_type=\"column\" data-e-type=\"column\">\n\t\t\t<div class=\"elementor-widget-wrap elementor-element-populated\">\n\t\t\t\t\t\t<div class=\"elementor-element elementor-element-7202918 elementor-widget elementor-widget-image\" data-id=\"7202918\" data-element_type=\"widget\" data-e-type=\"widget\" data-widget_type=\"image.default\">\n\t\t\t\t<div class=\"elementor-widget-container\">\n\t\t\t\t\t\t\t\t\t\t\t\t\t\t\t<img fetchpriority=\"high\" decoding=\"async\" width=\"640\" height=\"502\" src=\"https:\/\/colegiofaraday.edu.pe\/wp-content\/uploads\/2025\/02\/Gustavo-Condori-Lope.jpg\" class=\"attachment-medium_large size-medium_large wp-image-351\" alt=\"\" srcset=\"https:\/\/colegiofaraday.edu.pe\/wp-content\/uploads\/2025\/02\/Gustavo-Condori-Lope.jpg 640w, https:\/\/colegiofaraday.edu.pe\/wp-content\/uploads\/2025\/02\/Gustavo-Condori-Lope-300x235.jpg 300w\" sizes=\"(max-width: 640px) 100vw, 640px\" \/>\t\t\t\t\t\t\t\t\t\t\t\t\t\t\t<\/div>\n\t\t\t\t<\/div>\n\t\t\t\t\t<\/div>\n\t\t<\/div>\n\t\t\t\t\t<\/div>\n\t\t<\/section>\n\t\t\t\t<section class=\"elementor-section elementor-top-section elementor-element elementor-element-64afd8c elementor-section-boxed elementor-section-height-default elementor-section-height-default\" data-id=\"64afd8c\" data-element_type=\"section\" data-e-type=\"section\">\n\t\t\t\t\t\t<div class=\"elementor-container elementor-column-gap-default\">\n\t\t\t\t\t<div class=\"elementor-column elementor-col-50 elementor-top-column elementor-element elementor-element-6504eae\" data-id=\"6504eae\" data-element_type=\"column\" data-e-type=\"column\">\n\t\t\t<div class=\"elementor-widget-wrap elementor-element-populated\">\n\t\t\t\t\t\t<div class=\"elementor-element elementor-element-c968e13 elementor-widget elementor-widget-image\" data-id=\"c968e13\" data-element_type=\"widget\" data-e-type=\"widget\" data-widget_type=\"image.default\">\n\t\t\t\t<div class=\"elementor-widget-container\">\n\t\t\t\t\t\t\t\t\t\t\t\t\t\t\t<img decoding=\"async\" width=\"800\" height=\"762\" src=\"https:\/\/colegiofaraday.edu.pe\/wp-content\/uploads\/2025\/02\/visionc.jpg\" class=\"attachment-large size-large wp-image-353\" alt=\"\" srcset=\"https:\/\/colegiofaraday.edu.pe\/wp-content\/uploads\/2025\/02\/visionc.jpg 800w, https:\/\/colegiofaraday.edu.pe\/wp-content\/uploads\/2025\/02\/visionc-300x286.jpg 300w, https:\/\/colegiofaraday.edu.pe\/wp-content\/uploads\/2025\/02\/visionc-768x732.jpg 768w\" sizes=\"(max-width: 800px) 100vw, 800px\" \/>\t\t\t\t\t\t\t\t\t\t\t\t\t\t\t<\/div>\n\t\t\t\t<\/div>\n\t\t\t\t\t<\/div>\n\t\t<\/div>\n\t\t\t\t<div class=\"elementor-column elementor-col-50 elementor-top-column elementor-element elementor-element-9b50273\" data-id=\"9b50273\" data-element_type=\"column\" data-e-type=\"column\">\n\t\t\t<div class=\"elementor-widget-wrap elementor-element-populated\">\n\t\t\t\t\t\t<div class=\"elementor-element elementor-element-aa82ffe elementor-widget elementor-widget-heading\" data-id=\"aa82ffe\" data-element_type=\"widget\" data-e-type=\"widget\" data-widget_type=\"heading.default\">\n\t\t\t\t<div class=\"elementor-widget-container\">\n\t\t\t\t\t<h2 class=\"elementor-heading-title elementor-size-default\">Visi\u00f3n<\/h2>\t\t\t\t<\/div>\n\t\t\t\t<\/div>\n\t\t\t\t<div class=\"elementor-element elementor-element-2b344ef elementor-widget elementor-widget-text-editor\" data-id=\"2b344ef\" data-element_type=\"widget\" data-e-type=\"widget\" data-widget_type=\"text-editor.default\">\n\t\t\t\t<div class=\"elementor-widget-container\">\n\t\t\t\t\t\t\t\t\t<p>El Proyecto Educativo \u00abFaraday\u00bb tiene como objetivo ser un modelo a seguir en todo el sistema educativo del Per\u00fa por la excelencia organizativa, la calidad de vida institucional y por los resultados acad\u00e9micos, deportivos y art\u00edsticos que exhibe.<br \/>Buscamos formar personas \u00edntegras que asuman sus responsabilidades, sean fomento de transformaci\u00f3n en nuestra sociedad y que constituyan aut\u00e9nticas comunidades de ciencia y desarrollo integral de sus egresados.<\/p>\t\t\t\t\t\t\t\t<\/div>\n\t\t\t\t<\/div>\n\t\t\t\t\t<\/div>\n\t\t<\/div>\n\t\t\t\t\t<\/div>\n\t\t<\/section>\n\t\t\t\t<section class=\"elementor-section elementor-top-section elementor-element elementor-element-415c461 elementor-section-boxed elementor-section-height-default elementor-section-height-default\" data-id=\"415c461\" data-element_type=\"section\" data-e-type=\"section\">\n\t\t\t\t\t\t<div class=\"elementor-container elementor-column-gap-default\">\n\t\t\t\t\t<div class=\"elementor-column elementor-col-100 elementor-top-column elementor-element elementor-element-310b717\" data-id=\"310b717\" data-element_type=\"column\" data-e-type=\"column\">\n\t\t\t<div class=\"elementor-widget-wrap elementor-element-populated\">\n\t\t\t\t\t\t<div class=\"elementor-element elementor-element-0116a64 elementor-widget__width-initial elementor-widget elementor-widget-video\" data-id=\"0116a64\" data-element_type=\"widget\" data-e-type=\"widget\" data-settings=\"{&quot;video_type&quot;:&quot;hosted&quot;,&quot;autoplay&quot;:&quot;yes&quot;,&quot;controls&quot;:&quot;yes&quot;}\" data-widget_type=\"video.default\">\n\t\t\t\t<div class=\"elementor-widget-container\">\n\t\t\t\t\t\t\t<div class=\"e-hosted-video elementor-wrapper elementor-open-inline\">\n\t\t\t\t\t<video class=\"elementor-video\" src=\"https:\/\/colegiofaraday.edu.pe\/wp-content\/uploads\/2025\/02\/Nuria_720p_HD.mp4\" autoplay=\"\" controls=\"\" controlsList=\"nodownload\"><\/video>\n\t\t\t\t<\/div>\n\t\t\t\t\t\t<\/div>\n\t\t\t\t<\/div>\n\t\t\t\t\t<\/div>\n\t\t<\/div>\n\t\t\t\t\t<\/div>\n\t\t<\/section>\n\t\t\t\t<\/div>\n\t\t","protected":false},"excerpt":{"rendered":"<p>Misi\u00f3n El prop\u00f3sito del Proyecto Educativo \u00abFaraday\u00bb es: Formar personas l\u00edderes teniendo en cuenta la pr\u00e1ctica de h\u00e1bitos y valores estimulando la autoestima y desarrollando sus capacidades para que sean agentes de cambio. Construir una nueva escuela, acogedora, participativa, democr\u00e1tica, ayud\u00e1ndonos de los avances tecnol\u00f3gicos y cient\u00edficos, promoviendo calidad con equidad, propiciando una comunicaci\u00f3n que <a class=\"read-more\" href=\"https:\/\/colegiofaraday.edu.pe\/\">Read More<\/a><\/p>\n","protected":false},"author":1,"featured_media":0,"parent":0,"menu_order":0,"comment_status":"closed","ping_status":"closed","template":"template-full-width.php","meta":{"footnotes":""},"class_list":["post-38","page","type-page","status-publish","hentry"],"_links":{"self":[{"href":"https:\/\/colegiofaraday.edu.pe\/index.php\/wp-json\/wp\/v2\/pages\/38","targetHints":{"allow":["GET"]}}],"collection":[{"href":"https:\/\/colegiofaraday.edu.pe\/index.php\/wp-json\/wp\/v2\/pages"}],"about":[{"href":"https:\/\/colegiofaraday.edu.pe\/index.php\/wp-json\/wp\/v2\/types\/page"}],"author":[{"embeddable":true,"href":"https:\/\/colegiofaraday.edu.pe\/index.php\/wp-json\/wp\/v2\/users\/1"}],"replies":[{"embeddable":true,"href":"https:\/\/colegiofaraday.edu.pe\/index.php\/wp-json\/wp\/v2\/comments?post=38"}],"version-history":[{"count":18,"href":"https:\/\/colegiofaraday.edu.pe\/index.php\/wp-json\/wp\/v2\/pages\/38\/revisions"}],"predecessor-version":[{"id":446,"href":"https:\/\/colegiofaraday.edu.pe\/index.php\/wp-json\/wp\/v2\/pages\/38\/revisions\/446"}],"wp:attachment":[{"href":"https:\/\/colegiofaraday.edu.pe\/index.php\/wp-json\/wp\/v2\/media?parent=38"}],"curies":[{"name":"wp","href":"https:\/\/api.w.org\/{rel}","templated":true}]}}